{"id":3693,"date":"2023-02-27T13:40:14","date_gmt":"2023-02-27T12:40:14","guid":{"rendered":"https:\/\/www.surya-sardinia.com\/?page_id=3693"},"modified":"2023-02-27T15:38:19","modified_gmt":"2023-02-27T14:38:19","slug":"datenschutz","status":"publish","type":"page","link":"https:\/\/www.surya-sardinia.com\/de\/datenschutz\/","title":{"rendered":"Datenschutz"},"content":{"rendered":"\t\t<div data-elementor-type=\"wp-page\" data-elementor-id=\"3693\" class=\"elementor elementor-3693\" data-elementor-post-type=\"page\">\n\t\t\t\t\t\t<section class=\"elementor-section elementor-top-section elementor-element elementor-element-6f8ed936 elementor-section-full_width elementor-section-height-default elementor-section-height-default\" data-id=\"6f8ed936\" data-element_type=\"section\" data-e-type=\"section\">\n\t\t\t\t\t\t<div class=\"elementor-container elementor-column-gap-no\">\n\t\t\t\t\t<div class=\"elementor-column elementor-col-100 elementor-top-column elementor-element elementor-element-1c4b0562\" data-id=\"1c4b0562\" data-element_type=\"column\" data-e-type=\"column\">\n\t\t\t<div class=\"elementor-widget-wrap elementor-element-populated\">\n\t\t\t\t\t\t<div class=\"elementor-element elementor-element-56c878c6 elementor-widget elementor-widget-heading\" data-id=\"56c878c6\" data-element_type=\"widget\" data-e-type=\"widget\" data-widget_type=\"heading.default\">\n\t\t\t\t<div class=\"elementor-widget-container\">\n\t\t\t\t\t<h1 class=\"elementor-heading-title elementor-size-default\">DATENSCHUTZ<\/h1>\t\t\t\t<\/div>\n\t\t\t\t<\/div>\n\t\t\t\t\t<\/div>\n\t\t<\/div>\n\t\t\t\t\t<\/div>\n\t\t<\/section>\n\t\t\t\t<section class=\"elementor-section elementor-top-section elementor-element elementor-element-5ac8d645 elementor-section-full_width elementor-section-content-middle elementor-section-height-default elementor-section-height-default\" data-id=\"5ac8d645\" data-element_type=\"section\" data-e-type=\"section\" data-settings=\"{&quot;background_background&quot;:&quot;classic&quot;}\">\n\t\t\t\t\t\t<div class=\"elementor-container elementor-column-gap-no\">\n\t\t\t\t\t<div class=\"elementor-column elementor-col-100 elementor-top-column elementor-element elementor-element-9e798dc\" data-id=\"9e798dc\" data-element_type=\"column\" data-e-type=\"column\">\n\t\t\t<div class=\"elementor-widget-wrap elementor-element-populated\">\n\t\t\t\t\t\t<div class=\"elementor-element elementor-element-d4a2439 elementor-widget elementor-widget-text-editor\" data-id=\"d4a2439\" data-element_type=\"widget\" data-e-type=\"widget\" data-widget_type=\"text-editor.default\">\n\t\t\t\t<div class=\"elementor-widget-container\">\n\t\t\t\t\t\t\t\t\t<p>Der Schutz Ihrer pers\u00f6nlichen Daten ist uns ein besonderes Anliegen. Wir verarbeiten Ihre Daten daher ausschlie\u00dflich auf Grundlage der gesetzlichen Bestimmungen (DSGVO, TKG 2003). In diesen Datenschutzinformationen informieren wir Sie \u00fcber die wichtigsten Aspekte der Datenverarbeitung im Rahmen unserer Website.<\/p>\n<p>Wir verarbeiten Ihre personenbezogenen Daten, die unter folgende <strong>Datenkategorien <\/strong>fallen:<\/p>\n<ul>\n<li>Name\/Firma,<\/li>\n<li><span style=\"background-color: transparent; color: var( --e-global-color-text ); letter-spacing: 0px;\">Firmenbuchnummer,<\/span><\/li>\n<li>Ansprechperson,<\/li>\n<li>Gesch\u00e4ftsanschrift und sonstige Adressen des Kunden,<\/li>\n<li>Kontaktdaten (Telefonnummer, Telefaxnummer, E-Mail-Adresse, etc.)<\/li>\n<li>Bankverbindungen, Kreditkartendaten,<\/li>\n<li>UID-Nummer,<\/li>\n<li>Kundenserviceanfragen,<\/li>\n<li>Buchungsanfragen<\/li>\n<li>Fr\u00fchere Buchungen<\/li>\n<\/ul>\n<p>Sie haben uns Daten \u00fcber sich freiwillig zur Verf\u00fcgung gestellt und wir verarbeiten diese Daten auf Grundlage Ihrer <strong>Einwilligung<\/strong> zu folgenden Zwecken:<\/p>\n<ul>\n<li>Betreuung des Kunden sowie<\/li>\n<li>f\u00fcr eigene Werbezwecke, beispielsweise zur Zusendung von Angeboten, Werbeprospekten und Newsletter (in Papier- und elektronischer Form), sowie zum Zwecke des Hinweises auf die zum Kunden bestehende oder vormalige Gesch\u00e4ftsbeziehung (Referenzhinweis).<\/li>\n<\/ul>\n<p>Sie k\u00f6nnen diese Einwilligung jederzeit widerrufen. Ein <strong>Widerruf<\/strong> hat zur Folge, dass wir Ihre Daten ab diesem Zeitpunkt zu oben genannten Zwecken nicht mehr verarbeiten. <strong>F\u00fcr einen Widerruf wenden Sie sich bitte an:<\/strong> Frau Verena Fischer.<\/p>\n<p>Die von Ihnen bereit gestellten Daten sind weiters zur <strong>Vertragserf\u00fcllung<\/strong> bzw. zur Durchf\u00fchrung&nbsp; vorvertraglicher Ma\u00dfnahmen erforderlich. Ohne diese Daten k\u00f6nnen wir den Vertrag mit Ihnen nicht abschlie\u00dfen.<\/p>\n<p><span style=\"color: var( --e-global-color-text ); background-color: var( --e-global-color-fa46d65 ); letter-spacing: 0px;\">Wir geben Ihre Daten an folgende <\/span><strong style=\"color: var( --e-global-color-text ); background-color: var( --e-global-color-fa46d65 ); letter-spacing: 0px;\">Empf\u00e4nger<\/strong><span style=\"color: var( --e-global-color-text ); background-color: var( --e-global-color-fa46d65 ); letter-spacing: 0px;\"> bzw. Empf\u00e4ngerkategorien weiter: Vertragspartner wie Transportunternehmen, Tourguide.<\/span><\/p>\n<p>Ihre Daten werden zumindest zum Teil auch <strong>au\u00dferhalb der EU bzw. des EWR<\/strong> verarbeitet, und zwar in U.S.A. (z.B. Dropbox).<\/p>\n<p>Das angemessene Schutzniveau ergibt sich aus einem Angemessenheitsbeschluss der Europ\u00e4ischen Kommission nach Art 45 DSGVO<\/p>\n<p><b>Allgemeines<\/b><\/p>\n<div class=\"elementor-widget-container\">\n<ul>\n<li>Diese Webseite nutzt aus Gr\u00fcnden der Sicherheit und des Datenschutzes eine TLS Verschl\u00fcsselung. Diese verhindert, dass Dritte die von Ihnen eingegebenen Daten auf dem \u00dcbertragungsweg abfangen und lesen k\u00f6nnen. Sie erkennen die aktive Verschl\u00fcsselung an dem gr\u00fcnen Vorh\u00e4ngeschloss oder \u00e4hnlichen Symbolen in der Adresszeile Ihres Browsers.<\/li>\n<li>Wenn Sie per Formular auf der Website, per E-Mail oder telefonisch Kontakt mit uns aufnehmen, werden Ihre angegebenen Daten zwecks Bearbeitung der Anfrage und f\u00fcr den Fall von Anschlussfragen sechs Monate bei uns gespeichert. Diese Daten geben wir nicht ohne Ihre Einwilligung weiter.<\/li>\n<li>Der Server, von dem diese Webseite bereitgestellt wird, speichert Informationen die von Ihrem Browser automatisch an uns \u00fcbermittelt werden, in sogenannten Log-Files. Dies sind: Uhrzeit der Anfrage, die besuchte Seite, die IP Adresse des zugreifenden Computers in anonymisierter Form, Browsertyp und Browserversion, Verwendetes Betriebssystem, Referrer URL (also die Seite, von der Sie zu uns gekommen sind). Diese Daten dienen ausschlie\u00dflich der technischen \u00dcberwachung des Webservers (Auslastung, Fehlererkennung, Optimierung, Sicherheit) und sind dazu unbedingt notwendig. Sie werden nicht mit anderen Datenquellen verbunden, so dass sie sich nicht einzelnen Personen zuordnen lassen. Sie werden nach drei Monaten gel\u00f6scht.<\/li>\n<li>Wir unterhalten Onlinepr\u00e4senzen innerhalb verschiedener sozialer Plattformen, um mit den dort aktiven Kunden, Interessenten und Nutzern zu kommunizieren und \u00fcber unsere Leistungen zu informieren. Beim Aufruf der jeweiligen Netzwerke und Plattformen gelten die Datenverarbeitungsrichtlinien und Gesch\u00e4ftsbedingungen des jeweiligen Betreibers.<\/li>\n<\/ul>\n<\/div>\n<div class=\"elementor-widget-container\">\n<div class=\"elementor-divider\">&nbsp;<\/div>\n<\/div>\n<div class=\"elementor-widget-container\">\n<h3>Vertragsabwicklung<\/h3>\n<p>Datenverarbeitung auf Basis der gesetzlichen Bestimmungen des \u00a7 96 Abs 3 TKG sowie des Art 6 Abs 1 lit b (notwendig zur Vertragserf\u00fcllung) der DSGVO:<\/p>\n<ul>\n<li>Es werden zum Zweck der Vertragsabwicklung folgende Daten bei uns gespeichert:<br>Name, Anschrift, E-Mail-Adresse, Sprache, gekaufte Produkte und Bestelldatum.<br>Die von Ihnen bereit gestellten Daten sind zur Vertragserf\u00fcllung bzw. zur Durchf\u00fchrung vorvertraglicher Ma\u00dfnahmen erforderlich. Ohne diese Daten k\u00f6nnen wir den Vertrag mit Ihnen nicht abschlie\u00dfen.<\/li>\n<li>Im Falle eines Vertragsabschlusses werden s\u00e4mtliche Daten aus dem Vertragsverh\u00e4ltnis bis zum Ablauf der steuerrechtlichen Aufbewahrungsfrist (7 Jahre) gespeichert.<\/li>\n<li>Die Daten Name, Anschrift, E-Mail-Adresse, Sprache, gekaufte Produkte und Bestelldatum werden dar\u00fcber hinaus gehend bis zum Ablauf der Produkthaftung (10 Jahre) gespeichert<\/li>\n<\/ul>\n<\/div>\n<div class=\"elementor-widget-container\">\n<div class=\"elementor-divider\">&nbsp;<\/div>\n<\/div>\n<div class=\"elementor-widget-container\">\n<h3>Betrieb der Website<\/h3>\n<p>Datenverarbeitung auf Basis der gesetzlichen Bestimmungen des \u00a7 96 Abs 3 TKG sowie des Art 6 Abs 1 lit f (berechtigtes Interesse) der DSGVO:<\/p>\n<ul>\n<li>Diese Website verwendet den Webanalysedienst Matomo, welcher selbst betrieben wird. Die dadurch gesammelten Daten werden auf unseren Server \u00fcbertragen und dort gespeichert. Die IP-Adresse wird erfasst, aber umgehend (durch L\u00f6schung der letzten 8 Bit) pseudonymisiert. Dadurch ist eine genaue Lokalisierung nicht mehr m\u00f6glich.<\/li>\n<li>Diese Website verwendet zur Messung der Effektivit\u00e4t sowie der wirtschaftlichen Rentabilit\u00e4t von Werbeanzeigen (\u201eOnlinemarketing\u201c) folgende Dienste:\n<ul>\n<li>\u201eMeta Pixel\u201c des Anbieters Meta Plattforms Ireland Limited, 4 Grand Canal Square, Grand Canal Habour, Dublin 2, Irland. Datenschutzerkl\u00e4rung:&nbsp;<a href=\"https:\/\/www.facebook.com\/about\/privacy\" target=\"_blank\" rel=\"noopener\">https:\/\/www.facebook.com\/about\/privacy<\/a>, Opt-Out:&nbsp;<a href=\"https:\/\/www.facebook.com\/adpreferences\/ad_settings\" target=\"_blank\" rel=\"noopener\">https:\/\/www.facebook.com\/adpreferences\/ad_settings<\/a><\/li>\n<li>\u201eGoogle Analytics\u201c des Anbieters Google Ireland Limited, Gordon House, Barrow Street, Dublin 4, Irland. Datenschutzerkl\u00e4rung:&nbsp;<a href=\"https:\/\/www.google.com\/policies\/privacy\/\" rel=\"noopener\">https:\/\/www.google.com\/policies\/privacy\/<\/a>, Opt-Out:&nbsp;<a href=\"https:\/\/adssettings.google.com\/authenticated\" rel=\"noopener\">https:\/\/adssettings.google.com\/authenticated<\/a><\/li>\n<\/ul>\n<\/li>\n<li>Diese Website setzt Inhalts- und Service-Angebote Dritter ein, um z.B. Schriften oder Videos einzubinden. Dies setzt voraus, dass die Anbieter dieser Inhalte Ihre die IP-Adresse wahrnehmen, da sie ohne IP-Adresse keine Inhalte an Ihren Browser senden k\u00f6nnten. Die IP-Adresse ist damit zur Darstellung der Inhalte erforderlich. Die Anbieter k\u00f6nnen die pseudonymisierten Daten auch f\u00fcr statistische oder Marketingzwecke verwenden.<\/li>\n<\/ul>\n<\/div>\n<div class=\"elementor-widget-container\">\n<div class=\"elementor-divider\">&nbsp;<\/div>\n<\/div>\n<div class=\"elementor-widget-container\">\n<h3>Optionale Services<\/h3>\n<p>Sie haben die M\u00f6glichkeit, \u00fcber unsere Website unseren Newsletter zu abonnieren. Hierf\u00fcr ben\u00f6tigen wir Ihre E-Mail-Adresse und ihre Erkl\u00e4rung, dass Sie mit dem Bezug des Newsletters einverstanden sind. Sobald Sie sich f\u00fcr den Newsletter angemeldet haben, senden wir Ihnen ein Best\u00e4tigungs-E-Mail mit einem Link zur Best\u00e4tigung der Anmeldung. Die Datenverarbeitung erfolgt demnach auf Basis der gesetzlichen Bestimmungen des \u00a7 96 Abs 3 TKG sowie des Art 6 Abs 1 lit a (Einwilligung) der DSGVO. Das Abo des Newsletters k\u00f6nnen Sie jederzeit stornieren. Verwenden Sie f\u00fcr die Stornierung bitte den Link am Ende jeden Newsletters oder kontaktieren Sie uns. Wir l\u00f6schen anschlie\u00dfend umgehend Ihre Daten im Zusammenhang mit dem Newsletter-Versand. Wenn Sie sich zum Newsletter anmelden, werden Ihre E-Mail-Adresse, das Datum Ihrer Anmeldung und die dabei verwendete IP Adresse auf unseren Servern gespeichert.&nbsp;<\/p>\n<\/div>\n<div class=\"elementor-widget-container\">\n<div class=\"elementor-divider\">&nbsp;<\/div>\n<\/div>\n<div class=\"elementor-widget-container\">\n<h3>Ihre Rechte<\/h3>\n<p>Ihnen stehen grunds\u00e4tzlich die Rechte auf Auskunft, Berichtigung, L\u00f6schung, Einschr\u00e4nkung, Daten\u00fcbertragbarkeit, Widerruf und Widerspruch zu. Wenn Sie glauben, dass die Verarbeitung Ihrer Daten gegen das Datenschutzrecht verst\u00f6\u00dft oder Ihre datenschutzrechtlichen Anspr\u00fcche sonst in einer Weise verletzt worden sind, k\u00f6nnen Sie sich bei der Aufsichtsbeh\u00f6rde beschweren. In \u00d6sterreich ist dies die Datenschutzbeh\u00f6rde.<\/p>\n<p>Sie erreichen uns unter folgenden Kontaktdaten:<\/p>\n<p>Harald Knoll, Verena Fischer<br>Oppelgasse 6\/25<br>1120 Wien<br>\u00d6sterreich<br>info {at} surya-sardinia {dot} com<\/p>\n<\/div>\t\t\t\t\t\t\t\t<\/div>\n\t\t\t\t<\/div>\n\t\t\t\t\t<\/div>\n\t\t<\/div>\n\t\t\t\t\t<\/div>\n\t\t<\/section>\n\t\t\t\t<\/div>\n\t\t","protected":false},"excerpt":{"rendered":"<p>DATENSCHUTZ Der Schutz Ihrer pers\u00f6nlichen Daten ist uns ein besonderes Anliegen. Wir verarbeiten Ihre Daten daher ausschlie\u00dflich auf Grundlage der gesetzlichen Bestimmungen (DSGVO, TKG 2003). In diesen Datenschutzinformationen informieren wir Sie \u00fcber die wichtigsten Aspekte der Datenverarbeitung im Rahmen unserer Website. Wir verarbeiten Ihre personenbezogenen Daten, die unter folgende Datenkategorien fallen: Name\/Firma, Firmenbuchnummer, Ansprechperson, Gesch\u00e4ftsanschrift [&hellip;]<\/p>\n","protected":false},"author":2,"featured_media":2023,"parent":0,"menu_order":0,"comment_status":"closed","ping_status":"closed","template":"elementor_header_footer","meta":{"footnotes":""},"class_list":["post-3693","page","type-page","status-publish","has-post-thumbnail","hentry"],"_links":{"self":[{"href":"https:\/\/www.surya-sardinia.com\/de\/wp-json\/wp\/v2\/pages\/3693","targetHints":{"allow":["GET"]}}],"collection":[{"href":"https:\/\/www.surya-sardinia.com\/de\/wp-json\/wp\/v2\/pages"}],"about":[{"href":"https:\/\/www.surya-sardinia.com\/de\/wp-json\/wp\/v2\/types\/page"}],"author":[{"embeddable":true,"href":"https:\/\/www.surya-sardinia.com\/de\/wp-json\/wp\/v2\/users\/2"}],"replies":[{"embeddable":true,"href":"https:\/\/www.surya-sardinia.com\/de\/wp-json\/wp\/v2\/comments?post=3693"}],"version-history":[{"count":0,"href":"https:\/\/www.surya-sardinia.com\/de\/wp-json\/wp\/v2\/pages\/3693\/revisions"}],"wp:featuredmedia":[{"embeddable":true,"href":"https:\/\/www.surya-sardinia.com\/de\/wp-json\/wp\/v2\/media\/2023"}],"wp:attachment":[{"href":"https:\/\/www.surya-sardinia.com\/de\/wp-json\/wp\/v2\/media?parent=3693"}],"curies":[{"name":"wp","href":"https:\/\/api.w.org\/{rel}","templated":true}]}}