{"id":2035,"date":"2023-02-01T15:24:00","date_gmt":"2023-02-01T14:24:00","guid":{"rendered":"https:\/\/www.surya-sardinia.com\/travel-info\/"},"modified":"2025-10-29T18:22:32","modified_gmt":"2025-10-29T17:22:32","slug":"lage","status":"publish","type":"page","link":"https:\/\/www.surya-sardinia.com\/de\/lage\/","title":{"rendered":"Lage &#038; Anreise"},"content":{"rendered":"\t\t<div data-elementor-type=\"wp-page\" data-elementor-id=\"2035\" class=\"elementor elementor-2035\" data-elementor-post-type=\"page\">\n\t\t\t\t\t\t<section class=\"elementor-section elementor-top-section elementor-element elementor-element-2bf09acc elementor-section-full_width elementor-section-content-middle elementor-section-height-default elementor-section-height-default\" data-id=\"2bf09acc\" data-element_type=\"section\" data-e-type=\"section\">\n\t\t\t\t\t\t<div class=\"elementor-container elementor-column-gap-no\">\n\t\t\t\t\t<div class=\"elementor-column elementor-col-100 elementor-top-column elementor-element elementor-element-5e6221e1\" data-id=\"5e6221e1\" data-element_type=\"column\" data-e-type=\"column\">\n\t\t\t<div class=\"elementor-widget-wrap elementor-element-populated\">\n\t\t\t\t\t\t<div class=\"elementor-element elementor-element-d460bac elementor-widget elementor-widget-heading\" data-id=\"d460bac\" data-element_type=\"widget\" data-e-type=\"widget\" data-widget_type=\"heading.default\">\n\t\t\t\t<div class=\"elementor-widget-container\">\n\t\t\t\t\t<h1 class=\"elementor-heading-title elementor-size-default\">Reiseinfo<\/h1>\t\t\t\t<\/div>\n\t\t\t\t<\/div>\n\t\t\t\t\t<\/div>\n\t\t<\/div>\n\t\t\t\t\t<\/div>\n\t\t<\/section>\n\t\t\t\t<section class=\"elementor-section elementor-top-section elementor-element elementor-element-dd2e7fb elementor-section-full_width elementor-section-height-default elementor-section-height-default\" data-id=\"dd2e7fb\" data-element_type=\"section\" data-e-type=\"section\" data-settings=\"{&quot;background_background&quot;:&quot;classic&quot;}\">\n\t\t\t\t\t\t<div class=\"elementor-container elementor-column-gap-no\">\n\t\t\t\t\t<div class=\"elementor-column elementor-col-50 elementor-top-column elementor-element elementor-element-4b12cbd\" data-id=\"4b12cbd\" data-element_type=\"column\" data-e-type=\"column\">\n\t\t\t<div class=\"elementor-widget-wrap elementor-element-populated\">\n\t\t\t\t\t\t<div class=\"elementor-element elementor-element-f757b8c elementor-widget__width-initial elementor-widget-mobile__width-inherit elementor-widget elementor-widget-table-of-contents\" data-id=\"f757b8c\" data-element_type=\"widget\" data-e-type=\"widget\" data-settings=\"{&quot;headings_by_tags&quot;:[&quot;h4&quot;],&quot;exclude_headings_by_selector&quot;:[],&quot;marker_view&quot;:&quot;bullets&quot;,&quot;icon&quot;:{&quot;value&quot;:&quot;&quot;,&quot;library&quot;:&quot;&quot;},&quot;sticky&quot;:&quot;top&quot;,&quot;sticky_parent&quot;:&quot;yes&quot;,&quot;sticky_on&quot;:[&quot;desktop&quot;,&quot;tablet&quot;],&quot;no_headings_message&quot;:&quot;Es wurden keine \\u00dcberschriften auf dieser Seite gefunden.&quot;,&quot;hierarchical_view&quot;:&quot;yes&quot;,&quot;min_height&quot;:{&quot;unit&quot;:&quot;px&quot;,&quot;size&quot;:&quot;&quot;,&quot;sizes&quot;:[]},&quot;min_height_tablet&quot;:{&quot;unit&quot;:&quot;px&quot;,&quot;size&quot;:&quot;&quot;,&quot;sizes&quot;:[]},&quot;min_height_mobile&quot;:{&quot;unit&quot;:&quot;px&quot;,&quot;size&quot;:&quot;&quot;,&quot;sizes&quot;:[]},&quot;sticky_offset&quot;:0,&quot;sticky_effects_offset&quot;:0,&quot;sticky_anchor_link_offset&quot;:0}\" data-widget_type=\"table-of-contents.default\">\n\t\t\t\t<div class=\"elementor-widget-container\">\n\t\t\t\t\t\t\t\t\t<div id=\"elementor-toc__f757b8c\" class=\"elementor-toc__body\">\n\t\t\t<div class=\"elementor-toc__spinner-container\">\n\t\t\t\t<i class=\"elementor-toc__spinner eicon-animation-spin eicon-loading\" aria-hidden=\"true\"><\/i>\t\t\t<\/div>\n\t\t<\/div>\n\t\t\t\t\t\t<\/div>\n\t\t\t\t<\/div>\n\t\t\t\t\t<\/div>\n\t\t<\/div>\n\t\t\t\t<div class=\"elementor-column elementor-col-50 elementor-top-column elementor-element elementor-element-fae6068\" data-id=\"fae6068\" data-element_type=\"column\" data-e-type=\"column\">\n\t\t\t<div class=\"elementor-widget-wrap elementor-element-populated\">\n\t\t\t\t\t\t<div class=\"elementor-element elementor-element-1b18fe2 elementor-widget elementor-widget-heading\" data-id=\"1b18fe2\" data-element_type=\"widget\" data-e-type=\"widget\" data-widget_type=\"heading.default\">\n\t\t\t\t<div class=\"elementor-widget-container\">\n\t\t\t\t\t<h4 class=\"elementor-heading-title elementor-size-default\">ANREISE<\/h4>\t\t\t\t<\/div>\n\t\t\t\t<\/div>\n\t\t\t\t<div class=\"elementor-element elementor-element-98a66cf elementor-widget elementor-widget-text-editor\" data-id=\"98a66cf\" data-element_type=\"widget\" data-e-type=\"widget\" data-widget_type=\"text-editor.default\">\n\t\t\t\t<div class=\"elementor-widget-container\">\n\t\t\t\t\t\t\t\t\t<p><strong>\u2192 Mit dem Flugzeug<\/strong> gibt es Direktfl\u00fcge aus vielen europ\u00e4ischen St\u00e4dten von Ende M\u00e4rz bis Ende Oktober mit z.B. Ryanair, Austrian Airlines, Volotea, Lufthansa, etc.<\/p><p><strong>\u2192 Mit der F\u00e4hre <\/strong>t\u00e4glich von Livorno, Genua, Civitavecchia, etc.<\/p><p><strong>\u2192 Von Cagliari <\/strong>mit dem <strong>Auto<\/strong> circa 30 Minuten \u00fcber die SP17, Abfahrt Richtung Villasimius<\/p>\t\t\t\t\t\t\t\t<\/div>\n\t\t\t\t<\/div>\n\t\t\t\t<div class=\"elementor-element elementor-element-1c6db53 elementor-widget elementor-widget-heading\" data-id=\"1c6db53\" data-element_type=\"widget\" data-e-type=\"widget\" data-widget_type=\"heading.default\">\n\t\t\t\t<div class=\"elementor-widget-container\">\n\t\t\t\t\t<h4 class=\"elementor-heading-title elementor-size-default\">LAGE<\/h4>\t\t\t\t<\/div>\n\t\t\t\t<\/div>\n\t\t\t\t<div class=\"elementor-element elementor-element-a1f7844 elementor-widget elementor-widget-text-editor\" data-id=\"a1f7844\" data-element_type=\"widget\" data-e-type=\"widget\" data-widget_type=\"text-editor.default\">\n\t\t\t\t<div class=\"elementor-widget-container\">\n\t\t\t\t\t\t\t\t\t<p>Wir befinden uns in Salmagi, ein Teil der Comune Quartu Sant\u2019Elena, in einer herrlich ruhigen Gr\u00fcnlage mit ausgezeichneter Anbindung, im S\u00fcden der Insel zwischen der Hauptstadt Cagliari und Villasimius.<\/p><p>Die Villa liegt an der K\u00fcstenstra\u00dfe SP17 Richtung Torre delle Stelle, Solanas und Villasimius.<\/p><p>Au\u00dferdem ist man Richtung Poetto, Cagliari, Nora und Chia (Westen, SS554) und Richtung Costa Rei, Muravera und Arbatax (Osten, SS125 und SS125var) durch die nahegelegene Autobahnauffahrt gut angebunden.<\/p><p>Der Naturpark &#8222;Parco Naturale Regionale di Sette Fratelli&#8220; er\u00f6ffnet viele sch\u00f6ne Wander- und Fahrradrouten in einer naturbelassenen Landschaft.<\/p>\t\t\t\t\t\t\t\t<\/div>\n\t\t\t\t<\/div>\n\t\t\t\t<div class=\"elementor-element elementor-element-ddb2c2c elementor-widget elementor-widget-heading\" data-id=\"ddb2c2c\" data-element_type=\"widget\" data-e-type=\"widget\" data-widget_type=\"heading.default\">\n\t\t\t\t<div class=\"elementor-widget-container\">\n\t\t\t\t\t<h4 class=\"elementor-heading-title elementor-size-default\">Herumkommen<\/h4>\t\t\t\t<\/div>\n\t\t\t\t<\/div>\n\t\t\t\t<div class=\"elementor-element elementor-element-ba31f58 elementor-widget elementor-widget-text-editor\" data-id=\"ba31f58\" data-element_type=\"widget\" data-e-type=\"widget\" data-widget_type=\"text-editor.default\">\n\t\t\t\t<div class=\"elementor-widget-container\">\n\t\t\t\t\t\t\t\t\t<p>Da wir uns in einer l\u00e4ndlichen Gegend befinden, ist ein fahrbarer Untersatz notwendig. Restaurants und Superm\u00e4rkte sind von der Villa aus nicht zu Fu\u00df zu erreichen. Die volle Sch\u00f6nheit und Vielfalt der Insel kann man am besten erkunden, wenn man mobil ist (Auto oder Scooter).<\/p><p>Es gibt zwei Autobuslinien, die in der N\u00e4he halten und Richtung Quartu Sant&#8217;Elena, Cagliari oder Villasimius fahren. Es gibt auch \u00dcberlandbuslinien und Z\u00fcge, die f\u00fcr weitere Reisen geeignet sind, um zum Beispiel von Cagliari aus nach Alghero, Olbia, Golfo Aranci oder Santa Teresa die Gallura zu gelangen. Die Pl\u00e4ne sind online zu finden unter <a href=\"http:\/\/arst.sardegna.it\/index.html\" target=\"_blank\" rel=\"noopener noreferrer\">arst.sardegna.it<\/a> (Busse) <a href=\"http:\/\/www.trenitalia.it\" rel=\"noopener\">trenitalia.it<\/a> (Z\u00fcge) und auf Google Maps.<\/p>\t\t\t\t\t\t\t\t<\/div>\n\t\t\t\t<\/div>\n\t\t\t\t<div class=\"elementor-element elementor-element-39b1b2b elementor-widget elementor-widget-heading\" data-id=\"39b1b2b\" data-element_type=\"widget\" data-e-type=\"widget\" data-widget_type=\"heading.default\">\n\t\t\t\t<div class=\"elementor-widget-container\">\n\t\t\t\t\t<h4 class=\"elementor-heading-title elementor-size-default\">AUSFL\u00dcGE<\/h4>\t\t\t\t<\/div>\n\t\t\t\t<\/div>\n\t\t\t\t<div class=\"elementor-element elementor-element-8d3ab41 elementor-widget elementor-widget-text-editor\" data-id=\"8d3ab41\" data-element_type=\"widget\" data-e-type=\"widget\" data-widget_type=\"text-editor.default\">\n\t\t\t\t<div class=\"elementor-widget-container\">\n\t\t\t\t\t\t\t\t\t<p>Sardinien ist ein Paradies f\u00fcr Outdoor- und Wassersportler, Wanderer, Kletterer, Radfahrer und f\u00fcr Menschen, die unber\u00fchrte Natur sch\u00e4tzen.<\/p><p>Auf der vielseitigen Insel findet man zahlreiche arch\u00e4ologischen und kulturelle St\u00e4tten, sehenswerte Ortschaften, Murales, Museen &amp; Kirchen, weitl\u00e4ufige Naturparks, Flamingo- und Wildvogel-Habitate, Wasserf\u00e4lle, nat\u00fcrliche Thermen, Salinen, Seen u.v.m.<\/p><p>Wir liegen am Beginn einer K\u00fcstenstra\u00dfe mit traumhaften Str\u00e4nden und Buchten. Es lohnt sich diese zu erkunden, z.B.: Mari Pintau (8 Min), Kal\u2019e Moru (10 min), Torre delle Stelle (15 Min) und Porto Sa Ruxi (25 Min), Spiaggia di Porto Giunco (30 Min) und Punta Molentis (35 Min.) bei Villasimius. Die Costa Rei mit rund 10 km langem, weissen Sandstrand, ist ebenfalls in nur 35 Minuten zu erreichen.<\/p><p>Neben Wind-und Kitesurfen gibt es Spots zum Wellenreiten. Segeln hat das ganze Jahr Saison. Man findet auch Verleihe f\u00fcr Kanu, Stand up Paddle oder Gommone. Wer lieber unter Wasser gehen m\u00f6chte, kann beim Tauchen oder Schnorcheln die Unterwasserwelt entdecken.<\/p>\t\t\t\t\t\t\t\t<\/div>\n\t\t\t\t<\/div>\n\t\t\t\t<div class=\"elementor-element elementor-element-169e3f4 elementor-widget elementor-widget-heading\" data-id=\"169e3f4\" data-element_type=\"widget\" data-e-type=\"widget\" data-widget_type=\"heading.default\">\n\t\t\t\t<div class=\"elementor-widget-container\">\n\t\t\t\t\t<h4 class=\"elementor-heading-title elementor-size-default\">Saisonen<\/h4>\t\t\t\t<\/div>\n\t\t\t\t<\/div>\n\t\t\t\t<div class=\"elementor-element elementor-element-4be0b3a elementor-widget elementor-widget-text-editor\" data-id=\"4be0b3a\" data-element_type=\"widget\" data-e-type=\"widget\" data-widget_type=\"text-editor.default\">\n\t\t\t\t<div class=\"elementor-widget-container\">\n\t\t\t\t\t\t\t\t\t<p>Die Insel ist im Sommer zahlreich besucht, vor allem in den Monaten Juli und August rund um den Feiertag &#8222;Ferragosto&#8220; (15. August), w\u00e4hrend die Nebensaison-Monate und vor allem der Winter, einen ganz anderen Blick auf die Insel er\u00f6ffnen.<\/p><p>Wer Bade- und Strandurlaub bevorzugt, am quirligen Treiben teilnehmen, die unz\u00e4hligen Strandbars mit Sonnenliegen und -schirmen besuchen und sich im kristallklaren Wasser Erfrischung holen m\u00f6chte, kommt im Hochsommer voll auf seine Kosten. Die lauen Sommerabende laden zu einem Aperitivo am Strand ein.<\/p><p>Die Monate April bis Juni, sowie September bis November, sind ideal f\u00fcr Aktivurlauber, denn die Temperaturen sind wesentlich moderater als im Sommer (zwischen 20-30 Grad) bei geringem Niederschlag \u2013 perfekt zum Wandern, Klettern, Radfahren oder f\u00fcr Ausfl\u00fcge.<\/p><p>Die Wintermonate gestalten sich abwechslungsreicher, was das Wetter betrifft. W\u00e4hrend man manche Tage bei sonnigen 20 Grad am Strand verbringen kann, muss man auch mit Niederschlag und St\u00fcrmen rechnen. Der S\u00fcden der Insel ist generell etwas w\u00e4rmer als der Norden. Die meisten Urlaubsorte sind ausgestorben, Restaurants und Shops geschlossen. Die Insel zeigt sich \u00fcppig gr\u00fcn, alles w\u00e4chst und bl\u00fcht, es liegt Ruhe in der Luft.<\/p><p>Im Meer kann man von Mai bis November bei\u00a0angenehmen Temperaturen schwimmen. Es f\u00e4llt von Dezember bis April auf unter 15 Grad Celsius und beginnt sich erst Mitte Mai wieder zu erw\u00e4rmen.<\/p>\t\t\t\t\t\t\t\t<\/div>\n\t\t\t\t<\/div>\n\t\t\t\t\t<\/div>\n\t\t<\/div>\n\t\t\t\t\t<\/div>\n\t\t<\/section>\n\t\t\t\t<section class=\"elementor-section elementor-top-section elementor-element elementor-element-f241c7d elementor-section-full_width elementor-section-content-middle elementor-section-height-default elementor-section-height-default\" data-id=\"f241c7d\" data-element_type=\"section\" data-e-type=\"section\">\n\t\t\t\t\t\t<div class=\"elementor-container elementor-column-gap-no\">\n\t\t\t\t\t<div class=\"elementor-column elementor-col-50 elementor-top-column elementor-element elementor-element-60e0cb5\" data-id=\"60e0cb5\" data-element_type=\"column\" data-e-type=\"column\">\n\t\t\t<div class=\"elementor-widget-wrap elementor-element-populated\">\n\t\t\t\t\t\t<div class=\"elementor-element elementor-element-c98aa2b elementor-widget elementor-widget-heading\" data-id=\"c98aa2b\" data-element_type=\"widget\" data-e-type=\"widget\" data-widget_type=\"heading.default\">\n\t\t\t\t<div class=\"elementor-widget-container\">\n\t\t\t\t\t<h1 class=\"elementor-heading-title elementor-size-default\">Sardinien<\/h1>\t\t\t\t<\/div>\n\t\t\t\t<\/div>\n\t\t\t\t<div class=\"elementor-element elementor-element-b9fb102 elementor-widget elementor-widget-heading\" data-id=\"b9fb102\" data-element_type=\"widget\" data-e-type=\"widget\" data-widget_type=\"heading.default\">\n\t\t\t\t<div class=\"elementor-widget-container\">\n\t\t\t\t\t<h3 class=\"elementor-heading-title elementor-size-default\">DIE Vielfalt der Insel <\/h3>\t\t\t\t<\/div>\n\t\t\t\t<\/div>\n\t\t\t\t<div class=\"elementor-element elementor-element-16d302c elementor-widget elementor-widget-text-editor\" data-id=\"16d302c\" data-element_type=\"widget\" data-e-type=\"widget\" data-widget_type=\"text-editor.default\">\n\t\t\t\t<div class=\"elementor-widget-container\">\n\t\t\t\t\t\t\t\t\tDas heimliche Juwel des Mittelmeers ist weit mehr als nur die ber\u00fchmte Costa Smeralda im Norden der Insel. Als zweitgr\u00f6\u00dfte, aber wenig besiedelte Mittelmeerinsel, bietet sie weit mehr Nationalparks, Bergregionen und Traumstr\u00e4nde als die meisten anderen. Bekannt ist die Insel auch f\u00fcr ihre vielen Vierbeiner: Schafe und Ziegen, die f\u00fcr den wunderbaren Pecorino und Caprino K\u00e4se sorgen, Esel, die man streicheln kann, Wild- und Reitpferde. Bei so viel Natur haben auch Wildtiere und -v\u00f6gel genug Platz zum Leben. Das sch\u00f6ne dabei ist, dass es keine gef\u00e4hrlichen Tiere auf der Insel gibt und man sich somit\u00a0auch beim Wandern oder Campen\u00a0sicher f\u00fchlen kann.\t\t\t\t\t\t\t\t<\/div>\n\t\t\t\t<\/div>\n\t\t\t\t<div class=\"elementor-element elementor-element-05eedf5 elementor-widget elementor-widget-heading\" data-id=\"05eedf5\" data-element_type=\"widget\" data-e-type=\"widget\" data-widget_type=\"heading.default\">\n\t\t\t\t<div class=\"elementor-widget-container\">\n\t\t\t\t\t<h3 class=\"elementor-heading-title elementor-size-default\">Die \u00bbblaue zone\u00ab Sardinien<\/h3>\t\t\t\t<\/div>\n\t\t\t\t<\/div>\n\t\t\t\t<div class=\"elementor-element elementor-element-3c805c5 elementor-widget elementor-widget-text-editor\" data-id=\"3c805c5\" data-element_type=\"widget\" data-e-type=\"widget\" data-widget_type=\"text-editor.default\">\n\t\t\t\t<div class=\"elementor-widget-container\">\n\t\t\t\t\t\t\t\t\t<p>Sardinien ist eine von 5 \u00bbBlue Zones\u00ab der Welt. Das sind Orte, an denen \u00fcberdurchschnittlich viele \u00fcber-100-j\u00e4hrigen Menschen leben. Erstaunlich ist auch, dass auf Sardinien die meisten&nbsp;\u00bbCentinarios\u00ab (Hundertj\u00e4hrigen) M\u00e4nner sind, was ungew\u00f6hnlich ist, haben doch Frauen generell eine h\u00f6here Lebenserwartung.&nbsp;Aber warum werden diese Menschen hier so alt?&nbsp;<\/p>\n<p>Der amerikanische Wissenschafter und Abenteurer Dan Buettner entdeckte 5 Orte auf der Welt, <a href=\"https:\/\/www.bluezones.com\/\" rel=\"noopener\">die so genannten \u00bbBlue Zones\u00ab,<\/a> an denen die Menschen l\u00e4nger leben und ges\u00fcnder sind als anderswo. Dazu geh\u00f6ren Okinawa (Japan), Sardinien (Italien), Nicoya (Costa Rica), Ikaria (Griechenland) und Loma Linda (Kalifornien).<\/p>\n<p>Seine Studien ergaben, dass die Menschen an diesen Orten 9 Lebensgewohnheiten aufweisen, die laut Buettners Recherchen die ungew\u00f6hnliche Langlebigkeit begr\u00fcnden. Dazu geh\u00f6ren konstante nat\u00fcrliche Bewegung, Lebenssinn, Herunterschalten &amp; Entspannen, maximal zu 80% Vollessen, Konsumation haupts\u00e4chlich pflanzlicher &amp; nat\u00fcrlicher Nahrungsmittel, moderates Trinken (z.B. Cannonau, am besten in Gesellschaft), Gemeinsamkeit &amp; Glaube, Leben im Familienverbund und starke soziale Kontakte. Es gibt viele B\u00fccher rund um dieses Thema von Dan Buettner,&nbsp;\u00bbBlue Zones\u00ab&nbsp;Begr\u00fcnder und Autor.<\/p>\t\t\t\t\t\t\t\t<\/div>\n\t\t\t\t<\/div>\n\t\t\t\t\t<\/div>\n\t\t<\/div>\n\t\t\t\t<div class=\"elementor-column elementor-col-50 elementor-top-column elementor-element elementor-element-4ec7eae\" data-id=\"4ec7eae\" data-element_type=\"column\" data-e-type=\"column\">\n\t\t\t<div class=\"elementor-widget-wrap elementor-element-populated\">\n\t\t\t\t\t\t<div class=\"elementor-element elementor-element-9591afc elementor-widget__width-initial animated-slow elementor-widget-tablet__width-initial elementor-widget-mobile__width-initial elementor-invisible elementor-widget elementor-widget-spacer\" data-id=\"9591afc\" data-element_type=\"widget\" data-e-type=\"widget\" data-settings=\"{&quot;motion_fx_motion_fx_scrolling&quot;:&quot;yes&quot;,&quot;motion_fx_translateY_effect&quot;:&quot;yes&quot;,&quot;motion_fx_translateY_affectedRange&quot;:{&quot;unit&quot;:&quot;%&quot;,&quot;size&quot;:&quot;&quot;,&quot;sizes&quot;:{&quot;start&quot;:&quot;0&quot;,&quot;end&quot;:&quot;66&quot;}},&quot;motion_fx_translateY_direction&quot;:&quot;negative&quot;,&quot;_animation&quot;:&quot;fadeInDown&quot;,&quot;motion_fx_devices&quot;:[&quot;desktop&quot;],&quot;motion_fx_translateY_speed&quot;:{&quot;unit&quot;:&quot;px&quot;,&quot;size&quot;:4,&quot;sizes&quot;:[]}}\" data-widget_type=\"spacer.default\">\n\t\t\t\t<div class=\"elementor-widget-container\">\n\t\t\t\t\t\t\t<div class=\"elementor-spacer\">\n\t\t\t<div class=\"elementor-spacer-inner\"><\/div>\n\t\t<\/div>\n\t\t\t\t\t\t<\/div>\n\t\t\t\t<\/div>\n\t\t\t\t<div class=\"elementor-element elementor-element-282523e elementor-widget__width-initial animated-slow elementor-widget-tablet__width-initial elementor-widget-mobile__width-initial elementor-invisible elementor-widget elementor-widget-spacer\" data-id=\"282523e\" data-element_type=\"widget\" data-e-type=\"widget\" data-settings=\"{&quot;_animation&quot;:&quot;fadeInUp&quot;}\" data-widget_type=\"spacer.default\">\n\t\t\t\t<div class=\"elementor-widget-container\">\n\t\t\t\t\t\t\t<div class=\"elementor-spacer\">\n\t\t\t<div class=\"elementor-spacer-inner\"><\/div>\n\t\t<\/div>\n\t\t\t\t\t\t<\/div>\n\t\t\t\t<\/div>\n\t\t\t\t\t<\/div>\n\t\t<\/div>\n\t\t\t\t\t<\/div>\n\t\t<\/section>\n\t\t\t\t<\/div>\n\t\t","protected":false},"excerpt":{"rendered":"<p>Reiseinfo ANREISE \u2192 Mit dem Flugzeug gibt es Direktfl\u00fcge aus vielen europ\u00e4ischen St\u00e4dten von Ende M\u00e4rz bis Ende Oktober mit z.B. Ryanair, Austrian Airlines, Volotea, Lufthansa, etc. \u2192 Mit der F\u00e4hre t\u00e4glich von Livorno, Genua, Civitavecchia, etc. \u2192 Von Cagliari mit dem Auto circa 30 Minuten \u00fcber die SP17, Abfahrt Richtung Villasimius LAGE Wir befinden [&hellip;]<\/p>\n","protected":false},"author":2,"featured_media":0,"parent":0,"menu_order":0,"comment_status":"closed","ping_status":"closed","template":"elementor_header_footer","meta":{"footnotes":""},"class_list":["post-2035","page","type-page","status-publish","hentry"],"_links":{"self":[{"href":"https:\/\/www.surya-sardinia.com\/de\/wp-json\/wp\/v2\/pages\/2035","targetHints":{"allow":["GET"]}}],"collection":[{"href":"https:\/\/www.surya-sardinia.com\/de\/wp-json\/wp\/v2\/pages"}],"about":[{"href":"https:\/\/www.surya-sardinia.com\/de\/wp-json\/wp\/v2\/types\/page"}],"author":[{"embeddable":true,"href":"https:\/\/www.surya-sardinia.com\/de\/wp-json\/wp\/v2\/users\/2"}],"replies":[{"embeddable":true,"href":"https:\/\/www.surya-sardinia.com\/de\/wp-json\/wp\/v2\/comments?post=2035"}],"version-history":[{"count":10,"href":"https:\/\/www.surya-sardinia.com\/de\/wp-json\/wp\/v2\/pages\/2035\/revisions"}],"predecessor-version":[{"id":8595,"href":"https:\/\/www.surya-sardinia.com\/de\/wp-json\/wp\/v2\/pages\/2035\/revisions\/8595"}],"wp:attachment":[{"href":"https:\/\/www.surya-sardinia.com\/de\/wp-json\/wp\/v2\/media?parent=2035"}],"curies":[{"name":"wp","href":"https:\/\/api.w.org\/{rel}","templated":true}]}}